{"id":6539,"date":"2022-01-17T14:21:23","date_gmt":"2022-01-17T12:21:23","guid":{"rendered":"https:\/\/www.editionfredebold.de\/?post_type=product&#038;p=6539"},"modified":"2022-01-19T16:02:34","modified_gmt":"2022-01-19T14:02:34","slug":"vom-leben-am-rand-der-roten-scheibe-2","status":"publish","type":"product","link":"https:\/\/www.editionfredebold.de\/index.php\/produkt\/vom-leben-am-rand-der-roten-scheibe-2\/","title":{"rendered":"Vom Leben am Rand der roten Scheibe &#8211; eBook"},"content":{"rendered":"<p><em>\u201e\u2026Aus dem Osten kam sie, und der war f\u00fcr Ute eine rote Scheibe. \u00dcberst\u00fclpt von einem Himmelszelt voller revolution\u00e4r-sozialistischen Ged\u00f6ns. Miefig war er, der Osten. H\u00e4tte sie irgendjemand wegen ihrer Herkunft bedauert, dann h\u00e4tte der schon was zu h\u00f6ren gekriegt. Aber was sie wirklich schlimm fand, war die Tatsache, dass sie vom Rande dieser Scheibe stammte. Der verhinderte ja nicht nur den Absturz von ihr. Der grenzte Ute auch vom Rest der Scheibe aus\u2026\u201c<\/em><\/p>\n<p>Ein frischer authentischer Blick auf weithin unbekannte Grenzerfahrungen in der DDR: das Leben im Sperrgebiet \u2013 ein Gef\u00e4ngnis innerhalb des Gef\u00e4ngnisses \u2013 und auf die in mehreren \u201eS\u00e4uberungsaktionen\u201c vom Unrechtsstaat verordneten Zwangsumsiedlungen.<\/p>\n<p>Kriemhild Frieda Marie Mader schildert den privaten, schwierigen wie gleichzeitig gl\u00fccklich-beh\u00fcteten Alltag in Kontrast zu den banal-b\u00fcrokratischen Vergewaltigungen der eigenen B\u00fcrger im Sperrgebiet durch den \u201efriedliebenden Arbeiter- und Bauernstaat\u201c.<\/p>\n<p>\u201eVom Leben am Rand der roten Scheibe\u201c bietet Geschichte(n) zum Anfassen. Wir erfahren Erstaunliches \u00fcber die Wirkung staatlicher Willk\u00fcr auf die innere Befindlichkeit der \u201eganz normalen\u201c Menschen im Osten Deutschlands, ihre pers\u00f6nliche Zerrissenheit und die spannenden wie verunsichernden Herausforderungen f\u00fcr den Einzelnen in der Nachwendezeit.<\/p>\n<p>Dabei gibt die Autorin dem Leser einen tiefen Einblick in das Innere der Protagonistin, auf die Tr\u00e4ume, Sehns\u00fcchte und W\u00fcnsche, ihre Hoffnungen und Entt\u00e4uschungen, auf ihre Kraft und ihre Schw\u00e4che und schlie\u00dflich auf ihre ganz eigenen Begrenzungen und weitere Schicksale ihrer Weggef\u00e4hrten.<\/p>\n<p>&nbsp;<\/p>\n<p>Ein Zeitzeugenroman, der ohne vordergr\u00fcndige Sensationsgier unterh\u00e4lt, der durch den eigenen Sprachstil der Autorin fesselt und der aufkl\u00e4rt, ohne zu belehren.<\/p>\n","protected":false},"excerpt":{"rendered":"<p>\u201e\u2026Aus dem Osten kam sie, und der war f\u00fcr Ute eine rote Scheibe. \u00dcberst\u00fclpt von einem Himmelszelt voller revolution\u00e4r-sozialistischen Ged\u00f6ns. Miefig war er, der Osten. H\u00e4tte sie irgendjemand wegen ihrer Herkunft bedauert, dann h\u00e4tte der schon was zu h\u00f6ren gekriegt. Aber was sie wirklich schlimm fand, war die Tatsache, dass sie vom Rande dieser Scheibe [&hellip;]<\/p>\n","protected":false},"featured_media":6603,"comment_status":"closed","ping_status":"closed","template":"","meta":[],"product_brand":[],"product_cat":[174],"product_tag":[],"class_list":{"0":"post-6539","1":"product","2":"type-product","3":"status-publish","4":"has-post-thumbnail","6":"product_cat-ebook","7":"product_shipping_class-buch","9":"first","10":"instock","11":"downloadable","12":"virtual","13":"taxable","14":"purchasable","15":"product-type-simple"},"_links":{"self":[{"href":"https:\/\/www.editionfredebold.de\/index.php\/wp-json\/wp\/v2\/product\/6539","targetHints":{"allow":["GET"]}}],"collection":[{"href":"https:\/\/www.editionfredebold.de\/index.php\/wp-json\/wp\/v2\/product"}],"about":[{"href":"https:\/\/www.editionfredebold.de\/index.php\/wp-json\/wp\/v2\/types\/product"}],"replies":[{"embeddable":true,"href":"https:\/\/www.editionfredebold.de\/index.php\/wp-json\/wp\/v2\/comments?post=6539"}],"wp:featuredmedia":[{"embeddable":true,"href":"https:\/\/www.editionfredebold.de\/index.php\/wp-json\/wp\/v2\/media\/6603"}],"wp:attachment":[{"href":"https:\/\/www.editionfredebold.de\/index.php\/wp-json\/wp\/v2\/media?parent=6539"}],"wp:term":[{"taxonomy":"product_brand","embeddable":true,"href":"https:\/\/www.editionfredebold.de\/index.php\/wp-json\/wp\/v2\/product_brand?post=6539"},{"taxonomy":"product_cat","embeddable":true,"href":"https:\/\/www.editionfredebold.de\/index.php\/wp-json\/wp\/v2\/product_cat?post=6539"},{"taxonomy":"product_tag","embeddable":true,"href":"https:\/\/www.editionfredebold.de\/index.php\/wp-json\/wp\/v2\/product_tag?post=6539"}],"curies":[{"name":"wp","href":"https:\/\/api.w.org\/{rel}","templated":true}]}}